{"id":11,"date":"2020-07-31T11:01:08","date_gmt":"2020-07-31T09:01:08","guid":{"rendered":"http:\/\/localhost\/apras.org\/?page_id=11"},"modified":"2025-12-18T11:28:37","modified_gmt":"2025-12-18T10:28:37","slug":"mentions-legales","status":"publish","type":"page","link":"https:\/\/www.apras.org\/en\/mentions-legales\/","title":{"rendered":"Mentions l\u00e9gales"},"content":{"rendered":"\n<p>Merci de lire avec attention les diff\u00e9rentes modalit\u00e9s d\u2019utilisation du pr\u00e9sent site avant d\u2019y parcourir ses pages. En vous connectant sur ce site, vous acceptez sans r\u00e9serves les pr\u00e9sentes modalit\u00e9s. Aussi, conform\u00e9ment \u00e0 l\u2019article n\u00b06 de la Loi n\u00b02004-575 du 21 Juin 2004 pour la confiance dans l\u2019\u00e9conomie num\u00e9rique, les responsables du pr\u00e9sent site internet <a href=\"http:\/\/www.apras.org\">www.apras.org<\/a> sont :<\/p>\n\n\n<div id=\"titre-parag-block_9b07ffa7baefe6be4cbb81d5ab807f0f\" class=\"titre-parag-block card mb-6 shadow-lg bg-secondary text-white\">\r\n\t<div class=\"card-body\">\r\n\t\t<h3 class=\"titre-parag-title text-center display-3\">\u00c9diteur du Site<\/h3>\r\n    <div class=\"titre-parag-texte text-center\">\r\n        <p>apras.org<\/p>\n<p>L&#8217;APRAS<br \/>\nResponsable \u00e9ditorial : Philippe Le Saux<br \/>\n6, cours des Alli\u00e9s<br \/>\n35000 Rennes<br \/>\n02 99 31 52 44<br \/>\ncontact@apras.asso.fr<br \/>\nNum\u00e9ro de SIREN : 31217880900017<\/p>\n    <\/div>\r\n\t<\/div>\r\n    \r\n<\/div>\n\n<div id=\"titre-parag-block_3d7471f64f8d738011bc6dc50b61e3f0\" class=\"titre-parag-block card mb-6 shadow-lg bg-secondary text-white\">\r\n\t<div class=\"card-body\">\r\n\t\t<h3 class=\"titre-parag-title text-center display-3\">H\u00e9bergement<\/h3>\r\n    <div class=\"titre-parag-texte text-center\">\r\n        <p>HOSTINGER INTERNATIONAL LTD<br \/>\n61 Lordou Vironos Street, 6023 Larnaca, Chypre<br \/>\nEmplacement du Serveur : France<br \/>\njoignable par le moyen suivant : hostinger.com\/fr<\/p>\n    <\/div>\r\n\t<\/div>\r\n    \r\n<\/div>\n\n<div id=\"titre-parag-block_b3a2b5b5642774a16fb8446031305c60\" class=\"titre-parag-block card mb-6 shadow-lg bg-secondary text-white\">\r\n\t<div class=\"card-body\">\r\n\t\t<h3 class=\"titre-parag-title text-center display-3\">D\u00e9veloppement<\/h3>\r\n    <div class=\"titre-parag-texte text-center\">\r\n        <p>Eliza Iacoblev<br \/>\nRennes<br \/>\neliza-iacoblev.com<\/p>\n    <\/div>\r\n\t<\/div>\r\n    \r\n<\/div>\n\n<div id=\"titre-parag-block_a06215e6c831a3a4cb51e7febe705ec8\" class=\"titre-parag-block card mb-6 shadow-lg bg-secondary text-white\">\r\n\t<div class=\"card-body\">\r\n\t\t<h3 class=\"titre-parag-title text-center display-3\">Cr\u00e9dits<\/h3>\r\n    <div class=\"titre-parag-texte text-center\">\r\n        <p>Cr\u00e9dits photographiques :<br \/>\nGwendal Le Flem &#8211; ladnewg.net<br \/>\nUnsplash &#8211; unsplash.com<br \/>\nMarkus Winkler &#8211; Nine Koepfer &#8211; Scott Graham &#8211; Mick<br \/>\nCr\u00e9dits graphiques<br \/>\nFreepik &#8211; freepik.com<br \/>\nFlaticon &#8211; flaticon.com<\/p>\n    <\/div>\r\n\t<\/div>\r\n    \r\n<\/div>\n\n<p style=\"color: #b51a00;\"><span style=\"color: #000000;\"><b>Conditions d\u2019utilisation <\/b><\/span><span style=\"font-size: inherit; color: #1e1e1e;\">Ce site (<\/span><a style=\"font-size: inherit;\" href=\"http:\/\/www.apras.org\">apras.org<\/a><span style=\"font-size: inherit; color: #1e1e1e;\">) est propos\u00e9 en diff\u00e9rents langages web (HTML, HTML5, Javascript, CSS, etc\u2026) pour un meilleur confort d&#8217;utilisation et un graphisme plus agr\u00e9able, nous vous recommandons de recourir \u00e0 des navigateurs modernes comme Internet explorer, Safari, Firefox, Google Chrome, etc\u2026 Les mentions l\u00e9gales ont \u00e9t\u00e9 g\u00e9n\u00e9r\u00e9es sur le site <\/span><a style=\"font-size: inherit;\" title=\"g\u00e9n\u00e9rateur de mentions l\u00e9gales pour site internet gratuit\" href=\"http:\/\/www.generateur-de-mentions-legales.com\">G\u00e9n\u00e9rateur de mentions l\u00e9gales<\/a><span style=\"font-size: inherit; color: #1e1e1e;\">, offert par <\/span><a style=\"font-size: inherit;\" title=\"imprimerie paris, imprimeur paris\" href=\"http:\/\/welye.com\">Welye<\/a><span style=\"font-size: inherit; color: #1e1e1e;\">.<\/span><\/p>\n<p><span style=\"color: #323333;\">L&#8217;APRAS<b> <\/b><\/span>met en \u0153uvre tous les moyens dont elle dispose, pour assurer une information fiable et une mise \u00e0 jour fiable de ses sites internet. Toutefois, des erreurs ou omissions peuvent survenir. L&#8217;internaute devra donc s&#8217;assurer de l&#8217;exactitude des informations aupr\u00e8s de , et signaler toutes modifications du site qu&#8217;il jugerait utile. n&#8217;est en aucun cas responsable de l&#8217;utilisation faite de ces informations, et de tout pr\u00e9judice direct ou indirect pouvant en d\u00e9couler.<\/p>\n<p><b>Cookies<\/b> Le site <a href=\"http:\/\/www.apras.org\">apras.org<\/a> peut-\u00eatre amen\u00e9 \u00e0 vous demander l\u2019acceptation des cookies pour des besoins de statistiques et d&#8217;affichage. Un cookies est une information d\u00e9pos\u00e9e sur votre disque dur par le serveur du site que vous visitez. Il contient plusieurs donn\u00e9es qui sont stock\u00e9es sur votre ordinateur dans un simple fichier texte auquel un serveur acc\u00e8de pour lire et enregistrer des informations . Certaines parties de ce site ne peuvent \u00eatre fonctionnelles sans l\u2019acceptation de cookies.<\/p>\n<p><b>Liens hypertextes<\/b>\u00a0Les sites internet de peuvent offrir des liens vers d\u2019autres sites internet ou d\u2019autres ressources disponibles sur Internet. L&#8217;APRAS ne dispose d&#8217;aucun moyen pour contr\u00f4ler les sites en connexion avec ses sites internet. ne r\u00e9pond pas de la disponibilit\u00e9 de tels sites et sources externes, ni ne la garantit. Elle ne peut \u00eatre tenue pour responsable de tout dommage, de quelque nature que ce soit, r\u00e9sultant du contenu de ces sites ou sources externes, et notamment des informations, produits ou services qu\u2019ils proposent, ou de tout usage qui peut \u00eatre fait de ces \u00e9l\u00e9ments. Les risques li\u00e9s \u00e0 cette utilisation incombent pleinement \u00e0 l&#8217;internaute, qui doit se conformer \u00e0 leurs conditions d&#8217;utilisation.<\/p>\n<p>Les utilisateurs, les abonn\u00e9s et les visiteurs des sites internet de ne peuvent mettre en place un hyperlien en direction de ce site sans l&#8217;autorisation expresse et pr\u00e9alable de L&#8217;APRAS.<\/p>\n<p>Dans l&#8217;hypoth\u00e8se o\u00f9 un utilisateur ou visiteur souhaiterait mettre en place un hyperlien en direction d\u2019un des sites internet de L&#8217;APRAS, il lui appartiendra d&#8217;adresser un email accessible sur le site afin de formuler sa demande de mise en place d&#8217;un hyperlien. L&#8217;APRAS se r\u00e9serve le droit d\u2019accepter ou de refuser un hyperlien sans avoir \u00e0 en justifier sa d\u00e9cision.<\/p>\n<p style=\"color: #b51a00;\"><span style=\"color: #000000;\"><b>Services fournis <\/b><\/span><span style=\"color: #323333; font-size: inherit;\">L&#8217;ensemble des activit\u00e9s de l&#8217;association ainsi que ses informations sont pr\u00e9sent\u00e9s sur notre site <\/span><a style=\"font-size: inherit;\" href=\"http:\/\/www.apras.org\">apras.org<\/a><span style=\"color: #323333; font-size: inherit;\">.<\/span><\/p>\n<p style=\"color: #323333;\">L&#8217;APRAS s\u2019efforce de fournir sur le site www.apras.org des informations aussi pr\u00e9cises que possible. les renseignements figurant sur le site <a href=\"http:\/\/www.apras.org\">apras.org<\/a> ne sont pas exhaustifs et les photos non contractuelles. Ils sont donn\u00e9s sous r\u00e9serve de modifications ayant \u00e9t\u00e9 apport\u00e9es depuis leur mise en ligne. Par ailleurs, tous les informations indiqu\u00e9es sur le site apras.org<b> <\/b>sont donn\u00e9es \u00e0 titre indicatif, et sont susceptibles de changer ou d\u2019\u00e9voluer sans pr\u00e9avis.<\/p>\n<p style=\"color: #b51a00;\"><span style=\"color: #000000;\"><b>Limitation contractuelles sur les donn\u00e9es <\/b><\/span><span style=\"font-size: inherit; color: #1e1e1e;\">Les informations contenues sur ce site sont aussi pr\u00e9cises que possible et le site remis \u00e0 jour \u00e0 diff\u00e9rentes p\u00e9riodes de l\u2019ann\u00e9e, mais peut toutefois contenir des inexactitudes ou des omissions. Si vous constatez une lacune, erreur ou ce qui parait \u00eatre un dysfonctionnement, merci de bien vouloir le signaler par email, \u00e0 l\u2019adresse contact@apras.asso.fr, en d\u00e9crivant le probl\u00e8me de la mani\u00e8re la plus pr\u00e9cise possible (page posant probl\u00e8me, type d\u2019ordinateur et de navigateur utilis\u00e9, \u2026).<\/span><\/p>\n<p>Tout contenu t\u00e9l\u00e9charg\u00e9 se fait aux risques et p\u00e9rils de l&#8217;utilisateur et sous sa seule responsabilit\u00e9. En cons\u00e9quence, ne saurait \u00eatre tenu responsable d&#8217;un quelconque dommage subi par l&#8217;ordinateur de l&#8217;utilisateur ou d&#8217;une quelconque perte de donn\u00e9es cons\u00e9cutives au t\u00e9l\u00e9chargement. <span style=\"color: #323333;\">De plus, l\u2019utilisateur du site s\u2019engage \u00e0 acc\u00e9der au site en utilisant un mat\u00e9riel r\u00e9cent, ne contenant pas de virus et avec un navigateur de derni\u00e8re g\u00e9n\u00e9ration mis-\u00e0-jour<\/span><\/p>\n<p>Les liens hypertextes mis en place dans le cadre du pr\u00e9sent site internet en direction d&#8217;autres ressources pr\u00e9sentes sur le r\u00e9seau Internet ne sauraient engager la responsabilit\u00e9 de L&#8217;APRAS.<\/p>\n<p style=\"color: #b51a00;\"><span style=\"color: #000000;\"><b>Propri\u00e9t\u00e9 intellectuelle <\/b>Tout le contenu du pr\u00e9sent sur le site <a style=\"color: #000000;\" href=\"http:\/\/www.apras.org\">apras.org<\/a>, incluant, de fa\u00e7on non limitative, les graphismes, images, textes, vid\u00e9os, animations, sons, logos, gifs et ic\u00f4nes ainsi que leur mise en forme sont la propri\u00e9t\u00e9 exclusive de l&#8217;association \u00e0 l&#8217;exception des marques, logos ou contenus appartenant \u00e0 d&#8217;autres structures partenaires ou auteurs.<\/span><\/p>\n<p><span style=\"color: #000000;\">Toute reproduction, distr<\/span>ibution, modification, adaptation, retransmission ou publication, m\u00eame partielle, de ces diff\u00e9rents \u00e9l\u00e9ments est strictement interdite sans l&#8217;accord expr\u00e8s par \u00e9crit de L&#8217;APRAS. Cette repr\u00e9sentation ou reproduction, par quelque proc\u00e9d\u00e9 que ce soit, constitue une contrefa\u00e7on sanctionn\u00e9e par les articles L.335-2 et suivants du Code de la propri\u00e9t\u00e9 intellectuelle. Le non-respect de cette interdiction constitue une contrefa\u00e7on pouvant engager la responsabilit\u00e9 civile et p\u00e9nale du contrefacteur. En outre, les propri\u00e9taires des Contenus copi\u00e9s pourraient intenter une action en justice \u00e0 votre encontre.<\/p>\n<p style=\"color: #b51a00;\"><span style=\"color: #000000;\"><b>Litiges <\/b><\/span><span style=\"font-size: inherit; color: #1e1e1e;\">Les pr\u00e9sentes conditions du site <\/span><a style=\"font-size: inherit;\" href=\"http:\/\/www.apras.org\">apras.org<\/a><span style=\"font-size: inherit; color: #1e1e1e;\"> sont r\u00e9gies par les lois fran\u00e7aises et toute contestation ou litiges qui pourraient na\u00eetre de l&#8217;interpr\u00e9tation ou de l&#8217;ex\u00e9cution de celles-ci seront de la comp\u00e9tence exclusive des tribunaux dont d\u00e9pend le si\u00e8ge social de l&#8217;association. La langue de r\u00e9f\u00e9rence, pour le r\u00e8glement de contentieux \u00e9ventuels, est le fran\u00e7ais.<\/span><\/p>\n<p style=\"color: #b51a00;\"><span style=\"color: #000000;\"><b>Donn\u00e9es personnelles <\/b>De mani\u00e8re g\u00e9n\u00e9rale, vous n\u2019\u00eates pas tenu de nous communiquer vos donn\u00e9es personnelles lorsque vous visitez notre site Internet <a style=\"color: #000000;\" href=\"http:\/\/www.apras.org\">apras.org<\/a>.<\/span><\/p>","protected":false},"excerpt":{"rendered":"<p>Merci de lire avec attention les diff\u00e9rentes modalit\u00e9s d\u2019utilisation du pr\u00e9sent site avant d\u2019y parcourir ses pages. En vous connectant sur ce site, vous acceptez sans r\u00e9serves les pr\u00e9sentes modalit\u00e9s. Aussi, conform\u00e9ment \u00e0 l\u2019article n\u00b06 de la Loi n\u00b02004-575 du 21 Juin 2004 pour la confiance dans l\u2019\u00e9conomie num\u00e9rique, les responsables du pr\u00e9sent site internet [&hellip;]<\/p>\n","protected":false},"author":1,"featured_media":0,"parent":0,"menu_order":0,"comment_status":"closed","ping_status":"closed","template":"","meta":{"_acf_changed":false,"footnotes":""},"class_list":["post-11","page","type-page","status-publish","hentry"],"acf":[],"yoast_head":"<!-- This site is optimized with the Yoast SEO plugin v27.3 - https:\/\/yoast.com\/product\/yoast-seo-wordpress\/ -->\n<title>Mentions l\u00e9gales - APRAS<\/title>\n<meta name=\"robots\" content=\"index, follow, max-snippet:-1, max-image-preview:large, max-video-preview:-1\" \/>\n<link rel=\"canonical\" href=\"https:\/\/www.apras.org\/mentions-legales\/\" \/>\n<meta property=\"og:locale\" content=\"en_US\" \/>\n<meta property=\"og:type\" content=\"article\" \/>\n<meta property=\"og:title\" content=\"Mentions l\u00e9gales - APRAS\" \/>\n<meta property=\"og:description\" content=\"Merci de lire avec attention les diff\u00e9rentes modalit\u00e9s d\u2019utilisation du pr\u00e9sent site avant d\u2019y parcourir ses pages. En vous connectant sur ce site, vous acceptez sans r\u00e9serves les pr\u00e9sentes modalit\u00e9s. Aussi, conform\u00e9ment \u00e0 l\u2019article n\u00b06 de la Loi n\u00b02004-575 du 21 Juin 2004 pour la confiance dans l\u2019\u00e9conomie num\u00e9rique, les responsables du pr\u00e9sent site internet [&hellip;]\" \/>\n<meta property=\"og:url\" content=\"https:\/\/www.apras.org\/mentions-legales\/\" \/>\n<meta property=\"og:site_name\" content=\"APRAS\" \/>\n<meta property=\"article:modified_time\" content=\"2025-12-18T10:28:37+00:00\" \/>\n<meta name=\"twitter:card\" content=\"summary_large_image\" \/>\n<meta name=\"twitter:label1\" content=\"Est. reading time\" \/>\n\t<meta name=\"twitter:data1\" content=\"5 minutes\" \/>\n<script type=\"application\/ld+json\" class=\"yoast-schema-graph\">{\"@context\":\"https:\\\/\\\/schema.org\",\"@graph\":[{\"@type\":\"WebPage\",\"@id\":\"https:\\\/\\\/www.apras.org\\\/mentions-legales\\\/\",\"url\":\"https:\\\/\\\/www.apras.org\\\/mentions-legales\\\/\",\"name\":\"Mentions l\u00e9gales - APRAS\",\"isPartOf\":{\"@id\":\"https:\\\/\\\/www.apras.org\\\/#website\"},\"datePublished\":\"2020-07-31T09:01:08+00:00\",\"dateModified\":\"2025-12-18T10:28:37+00:00\",\"breadcrumb\":{\"@id\":\"https:\\\/\\\/www.apras.org\\\/mentions-legales\\\/#breadcrumb\"},\"inLanguage\":\"en-US\",\"potentialAction\":[{\"@type\":\"ReadAction\",\"target\":[\"https:\\\/\\\/www.apras.org\\\/mentions-legales\\\/\"]}]},{\"@type\":\"BreadcrumbList\",\"@id\":\"https:\\\/\\\/www.apras.org\\\/mentions-legales\\\/#breadcrumb\",\"itemListElement\":[{\"@type\":\"ListItem\",\"position\":1,\"name\":\"Accueil\",\"item\":\"https:\\\/\\\/www.apras.org\\\/\"},{\"@type\":\"ListItem\",\"position\":2,\"name\":\"Mentions l\u00e9gales\"}]},{\"@type\":\"WebSite\",\"@id\":\"https:\\\/\\\/www.apras.org\\\/#website\",\"url\":\"https:\\\/\\\/www.apras.org\\\/\",\"name\":\"APRAS\",\"description\":\"Le social partag\u00e9\",\"publisher\":{\"@id\":\"https:\\\/\\\/www.apras.org\\\/#organization\"},\"potentialAction\":[{\"@type\":\"SearchAction\",\"target\":{\"@type\":\"EntryPoint\",\"urlTemplate\":\"https:\\\/\\\/www.apras.org\\\/?s={search_term_string}\"},\"query-input\":{\"@type\":\"PropertyValueSpecification\",\"valueRequired\":true,\"valueName\":\"search_term_string\"}}],\"inLanguage\":\"en-US\"},{\"@type\":\"Organization\",\"@id\":\"https:\\\/\\\/www.apras.org\\\/#organization\",\"name\":\"APRAS\",\"url\":\"https:\\\/\\\/www.apras.org\\\/\",\"logo\":{\"@type\":\"ImageObject\",\"inLanguage\":\"en-US\",\"@id\":\"https:\\\/\\\/www.apras.org\\\/#\\\/schema\\\/logo\\\/image\\\/\",\"url\":\"https:\\\/\\\/www.apras.org\\\/wp-content\\\/uploads\\\/2020\\\/12\\\/logo-apras.svg\",\"contentUrl\":\"https:\\\/\\\/www.apras.org\\\/wp-content\\\/uploads\\\/2020\\\/12\\\/logo-apras.svg\",\"width\":1,\"height\":1,\"caption\":\"APRAS\"},\"image\":{\"@id\":\"https:\\\/\\\/www.apras.org\\\/#\\\/schema\\\/logo\\\/image\\\/\"}}]}<\/script>\n<!-- \/ Yoast SEO plugin. -->","yoast_head_json":{"title":"Mentions l\u00e9gales - APRAS","robots":{"index":"index","follow":"follow","max-snippet":"max-snippet:-1","max-image-preview":"max-image-preview:large","max-video-preview":"max-video-preview:-1"},"canonical":"https:\/\/www.apras.org\/mentions-legales\/","og_locale":"en_US","og_type":"article","og_title":"Mentions l\u00e9gales - APRAS","og_description":"Merci de lire avec attention les diff\u00e9rentes modalit\u00e9s d\u2019utilisation du pr\u00e9sent site avant d\u2019y parcourir ses pages. En vous connectant sur ce site, vous acceptez sans r\u00e9serves les pr\u00e9sentes modalit\u00e9s. Aussi, conform\u00e9ment \u00e0 l\u2019article n\u00b06 de la Loi n\u00b02004-575 du 21 Juin 2004 pour la confiance dans l\u2019\u00e9conomie num\u00e9rique, les responsables du pr\u00e9sent site internet [&hellip;]","og_url":"https:\/\/www.apras.org\/mentions-legales\/","og_site_name":"APRAS","article_modified_time":"2025-12-18T10:28:37+00:00","twitter_card":"summary_large_image","twitter_misc":{"Est. reading time":"5 minutes"},"schema":{"@context":"https:\/\/schema.org","@graph":[{"@type":"WebPage","@id":"https:\/\/www.apras.org\/mentions-legales\/","url":"https:\/\/www.apras.org\/mentions-legales\/","name":"Mentions l\u00e9gales - APRAS","isPartOf":{"@id":"https:\/\/www.apras.org\/#website"},"datePublished":"2020-07-31T09:01:08+00:00","dateModified":"2025-12-18T10:28:37+00:00","breadcrumb":{"@id":"https:\/\/www.apras.org\/mentions-legales\/#breadcrumb"},"inLanguage":"en-US","potentialAction":[{"@type":"ReadAction","target":["https:\/\/www.apras.org\/mentions-legales\/"]}]},{"@type":"BreadcrumbList","@id":"https:\/\/www.apras.org\/mentions-legales\/#breadcrumb","itemListElement":[{"@type":"ListItem","position":1,"name":"Accueil","item":"https:\/\/www.apras.org\/"},{"@type":"ListItem","position":2,"name":"Mentions l\u00e9gales"}]},{"@type":"WebSite","@id":"https:\/\/www.apras.org\/#website","url":"https:\/\/www.apras.org\/","name":"APRAS","description":"Le social partag\u00e9","publisher":{"@id":"https:\/\/www.apras.org\/#organization"},"potentialAction":[{"@type":"SearchAction","target":{"@type":"EntryPoint","urlTemplate":"https:\/\/www.apras.org\/?s={search_term_string}"},"query-input":{"@type":"PropertyValueSpecification","valueRequired":true,"valueName":"search_term_string"}}],"inLanguage":"en-US"},{"@type":"Organization","@id":"https:\/\/www.apras.org\/#organization","name":"APRAS","url":"https:\/\/www.apras.org\/","logo":{"@type":"ImageObject","inLanguage":"en-US","@id":"https:\/\/www.apras.org\/#\/schema\/logo\/image\/","url":"https:\/\/www.apras.org\/wp-content\/uploads\/2020\/12\/logo-apras.svg","contentUrl":"https:\/\/www.apras.org\/wp-content\/uploads\/2020\/12\/logo-apras.svg","width":1,"height":1,"caption":"APRAS"},"image":{"@id":"https:\/\/www.apras.org\/#\/schema\/logo\/image\/"}}]}},"_links":{"self":[{"href":"https:\/\/www.apras.org\/en\/wp-json\/wp\/v2\/pages\/11","targetHints":{"allow":["GET"]}}],"collection":[{"href":"https:\/\/www.apras.org\/en\/wp-json\/wp\/v2\/pages"}],"about":[{"href":"https:\/\/www.apras.org\/en\/wp-json\/wp\/v2\/types\/page"}],"author":[{"embeddable":true,"href":"https:\/\/www.apras.org\/en\/wp-json\/wp\/v2\/users\/1"}],"replies":[{"embeddable":true,"href":"https:\/\/www.apras.org\/en\/wp-json\/wp\/v2\/comments?post=11"}],"version-history":[{"count":13,"href":"https:\/\/www.apras.org\/en\/wp-json\/wp\/v2\/pages\/11\/revisions"}],"predecessor-version":[{"id":3293,"href":"https:\/\/www.apras.org\/en\/wp-json\/wp\/v2\/pages\/11\/revisions\/3293"}],"wp:attachment":[{"href":"https:\/\/www.apras.org\/en\/wp-json\/wp\/v2\/media?parent=11"}],"curies":[{"name":"wp","href":"https:\/\/api.w.org\/{rel}","templated":true}]}}