{"id":498,"date":"2020-09-25T16:25:33","date_gmt":"2020-09-25T14:25:33","guid":{"rendered":"http:\/\/apras.bac-a-sable.org\/?page_id=498"},"modified":"2026-04-16T13:45:10","modified_gmt":"2026-04-16T11:45:10","slug":"sortir","status":"publish","type":"page","link":"https:\/\/www.apras.org\/en\/sortir\/","title":{"rendered":"Sortir !"},"content":{"rendered":"\n<h3 class=\"wp-block-heading has-text-align-center\">Sortir&nbsp;! est un dispositif d\u2019acc\u00e8s au droit qui consid\u00e8re les pratiques culturelles, sportives et de loisirs comme des leviers pour renforcer l\u2019inclusion sociale, l&#8217;estime de soi et l\u2019exercice de la citoyennet\u00e9.<\/h3>\n\n\n\n<div style=\"height:50px\" aria-hidden=\"true\" class=\"wp-block-spacer\"><\/div>\n\n\n\n<div class=\"wp-block-columns is-layout-flex wp-container-core-columns-is-layout-9d6595d7 wp-block-columns-is-layout-flex\">\n<div class=\"wp-block-column is-vertically-aligned-center is-layout-flow wp-block-column-is-layout-flow\">\n<p><\/p>\n\n\n<div class=\"wp-block-image is-resized\">\n<figure class=\"aligncenter size-large\"><img decoding=\"async\" width=\"1110\" height=\"583\" data-src=\"https:\/\/www.apras.org\/wp-content\/uploads\/2024\/06\/20210913_Sortir_logo_without_text_CMJN-1110x583.png\" alt=\"\" class=\"wp-image-2786 lazyload\" style=\"--smush-placeholder-width: 1110px; --smush-placeholder-aspect-ratio: 1110\/583;width:227px;height:auto\" data-srcset=\"https:\/\/www.apras.org\/wp-content\/uploads\/2024\/06\/20210913_Sortir_logo_without_text_CMJN-1110x583.png 1110w, https:\/\/www.apras.org\/wp-content\/uploads\/2024\/06\/20210913_Sortir_logo_without_text_CMJN-572x300.png 572w, https:\/\/www.apras.org\/wp-content\/uploads\/2024\/06\/20210913_Sortir_logo_without_text_CMJN-285x150.png 285w, https:\/\/www.apras.org\/wp-content\/uploads\/2024\/06\/20210913_Sortir_logo_without_text_CMJN.png 1530w\" data-sizes=\"(max-width: 1110px) 100vw, 1110px\" src=\"data:image\/svg+xml;base64,PHN2ZyB3aWR0aD0iMSIgaGVpZ2h0PSIxIiB4bWxucz0iaHR0cDovL3d3dy53My5vcmcvMjAwMC9zdmciPjwvc3ZnPg==\" \/><\/figure>\n<\/div><\/div>\n\n\n\n<div class=\"wp-block-column is-vertically-aligned-center is-layout-flow wp-block-column-is-layout-flow\">\n<p><\/p>\n\n\n\n<p class=\"has-medium-font-size\">Il a \u00e9t\u00e9 lanc\u00e9 en 2010 dans le cadre du Contrat Urbain de Coh\u00e9sion Sociale sur Rennes et Saint-Jacques-de-la-Lande puis s\u2019est \u00e9toff\u00e9 au fil des ann\u00e9es en int\u00e9grant les communes qui en ont fait le souhait.<\/p>\n<\/div>\n<\/div>\n\n\n\n<div style=\"height:20px\" aria-hidden=\"true\" class=\"wp-block-spacer\"><\/div>\n\n\n\n<p style=\"font-size:18px\">Aujourd\u2019hui, gr\u00e2ce \u00e0 l\u2019implication de ses partenaires, <em>Sortir\u00a0!<\/em> propose un <strong>panel large d\u2019activit\u00e9s ponctuelles ou r\u00e9guli\u00e8res sur Rennes et 39 communes<\/strong> de la m\u00e9tropole. Plus de <strong>1 100 structures sont mobilis\u00e9es<\/strong> et offrent \u00e0 des tarifs pr\u00e9f\u00e9rentiels une grande richesse de pratiques pour tous les publics, sous condition de ressources. L\u2019objectif \u00e9tant de permettre aux personnes ayant de faibles revenus d\u2019y avoir acc\u00e8s.\u00a0<\/p>\n\n\n<div id=\"titre-parag-block_815f558c17aabafc1863317d0a6a694f\" class=\"titre-parag-block card mb-6 shadow-lg bg-secondary text-white\">\r\n\t<div class=\"card-body\">\r\n\t\t<h3 class=\"titre-parag-title text-center display-3\">Pr\u00e8s de 53 000 personnes<\/h3>\r\n    <div class=\"titre-parag-texte text-center\">\r\n        <p>ont activ\u00e9 leur droit Sortir ! en 2025<\/p>\n    <\/div>\r\n\t<\/div>\r\n    \r\n<\/div>\n\n\n<p style=\"font-size:18px\"><strong>Pilot\u00e9 et anim\u00e9 par l\u2019APRAS, Sortir&nbsp;! <\/strong>\u00e9volue notamment gr\u00e2ce aux instances qui r\u00e9unissent l&#8217;ensemble des acteurs qui le compose. Ainsi, en 2019, <strong>les \u00e9tudiants boursiers de l\u2019\u00e9chelon 2 \u00e0 7<\/strong> ont \u00e9galement eu acc\u00e8s au dispositif. En 2020, ce sont <strong>les jeunes des dispositifs Sortir de la rue et Garantie Jeunes qui ont pu le rejoindre via We Ker<\/strong>.<\/p>\n\n\n\n<p style=\"font-size:10px\"><\/p>\n\n\n\n<div style=\"height:38px\" aria-hidden=\"true\" class=\"wp-block-spacer\"><\/div>\n\n\n\n<hr class=\"wp-block-separator has-css-opacity\"\/>\n\n\n\n<div style=\"height:38px\" aria-hidden=\"true\" class=\"wp-block-spacer\"><\/div>\n\n\n\n<p class=\"has-text-align-center\">Pour en savoir plus sur le dispositif Sortir ! rendez-vous sur <\/p>\n\n\n\n<div class=\"wp-block-buttons is-horizontal is-content-justification-center is-layout-flex wp-container-core-buttons-is-layout-499968f5 wp-block-buttons-is-layout-flex\">\n<div class=\"wp-block-button is-style-fill\"><a class=\"wp-block-button__link has-white-color has-text-color has-background wp-element-button\" href=\"https:\/\/sortir-rennesmetropole.fr\" style=\"background-color:#dd2694\" target=\"_blank\" rel=\"noreferrer noopener\">Site Sortir !<\/a><\/div>\n<\/div>\n\n\n\n<div style=\"height:40px\" aria-hidden=\"true\" class=\"wp-block-spacer\"><\/div>\n\n\n\n<p class=\"has-text-align-center\">Suivez nous sur les r\u00e9seaux sociaux<\/p>\n\n\n\n<div class=\"wp-block-buttons is-horizontal is-content-justification-center is-layout-flex wp-container-core-buttons-is-layout-499968f5 wp-block-buttons-is-layout-flex\">\n<div class=\"wp-block-button is-style-fill\"><a class=\"wp-block-button__link has-white-color has-text-color has-background wp-element-button\" href=\"https:\/\/facebook.com\/CarteSortir\" style=\"background-color:#dd2694\" target=\"_blank\" rel=\"noreferrer noopener\">Facebook<\/a><\/div>\n\n\n\n<div class=\"wp-block-button is-style-fill\"><a class=\"wp-block-button__link has-white-color has-text-color has-background wp-element-button\" href=\"https:\/\/instagram.com\/cartesortir\" style=\"background-color:#dd2694\" target=\"_blank\" rel=\"noreferrer noopener\">Instagram<\/a><\/div>\n<\/div>\n\n\n\n<div style=\"height:40px\" aria-hidden=\"true\" class=\"wp-block-spacer\"><\/div>\n\n\n\n<p class=\"has-text-align-center\">Retrouvez l&#8217;\u00e9valuation du dispositif Sortir ! r\u00e9alis\u00e9e en 2015 <\/p>\n\n\n\n<div class=\"wp-block-buttons is-horizontal is-content-justification-center is-layout-flex wp-container-core-buttons-is-layout-499968f5 wp-block-buttons-is-layout-flex\">\n<div class=\"wp-block-button is-style-fill\"><a class=\"wp-block-button__link has-white-color has-text-color has-background wp-element-button\" href=\"https:\/\/www.apras.org\/documents\/evaluation-sortir\/\" style=\"background-color:#dd2694\" target=\"_blank\" rel=\"noreferrer noopener\">\u00c9valuation Sortir ! r\u00e9alis\u00e9e en 2015<\/a><\/div>\n<\/div>\n\n\n\n<div style=\"height:100px\" aria-hidden=\"true\" class=\"wp-block-spacer\"><\/div>\n","protected":false},"excerpt":{"rendered":"<p>Sortir&nbsp;! est un dispositif d\u2019acc\u00e8s au droit qui consid\u00e8re les pratiques culturelles, sportives et de loisirs comme des leviers pour renforcer l\u2019inclusion sociale, l&#8217;estime de soi et l\u2019exercice de la citoyennet\u00e9. Il a \u00e9t\u00e9 lanc\u00e9 en 2010 dans le cadre du Contrat Urbain de Coh\u00e9sion Sociale sur Rennes et Saint-Jacques-de-la-Lande puis s\u2019est \u00e9toff\u00e9 au fil [&hellip;]<\/p>\n","protected":false},"author":2,"featured_media":507,"parent":0,"menu_order":0,"comment_status":"closed","ping_status":"closed","template":"","meta":{"_acf_changed":false,"footnotes":""},"class_list":["post-498","page","type-page","status-publish","has-post-thumbnail","hentry"],"acf":[],"yoast_head":"<!-- This site is optimized with the Yoast SEO plugin v27.3 - https:\/\/yoast.com\/product\/yoast-seo-wordpress\/ -->\n<title>Sortir ! - APRAS<\/title>\n<meta name=\"robots\" content=\"index, follow, max-snippet:-1, max-image-preview:large, max-video-preview:-1\" \/>\n<link rel=\"canonical\" href=\"https:\/\/www.apras.org\/sortir\/\" \/>\n<meta property=\"og:locale\" content=\"en_US\" \/>\n<meta property=\"og:type\" content=\"article\" \/>\n<meta property=\"og:title\" content=\"Sortir ! - APRAS\" \/>\n<meta property=\"og:description\" content=\"Sortir&nbsp;! est un dispositif d\u2019acc\u00e8s au droit qui consid\u00e8re les pratiques culturelles, sportives et de loisirs comme des leviers pour renforcer l\u2019inclusion sociale, l&#8217;estime de soi et l\u2019exercice de la citoyennet\u00e9. Il a \u00e9t\u00e9 lanc\u00e9 en 2010 dans le cadre du Contrat Urbain de Coh\u00e9sion Sociale sur Rennes et Saint-Jacques-de-la-Lande puis s\u2019est \u00e9toff\u00e9 au fil [&hellip;]\" \/>\n<meta property=\"og:url\" content=\"https:\/\/www.apras.org\/sortir\/\" \/>\n<meta property=\"og:site_name\" content=\"APRAS\" \/>\n<meta property=\"article:modified_time\" content=\"2026-04-16T11:45:10+00:00\" \/>\n<meta property=\"og:image\" content=\"https:\/\/www.apras.org\/wp-content\/uploads\/2020\/09\/RM-530917-scaled.jpg\" \/>\n\t<meta property=\"og:image:width\" content=\"2560\" \/>\n\t<meta property=\"og:image:height\" content=\"1709\" \/>\n\t<meta property=\"og:image:type\" content=\"image\/jpeg\" \/>\n<meta name=\"twitter:card\" content=\"summary_large_image\" \/>\n<meta name=\"twitter:label1\" content=\"Est. reading time\" \/>\n\t<meta name=\"twitter:data1\" content=\"2 minutes\" \/>\n<script type=\"application\/ld+json\" class=\"yoast-schema-graph\">{\"@context\":\"https:\\\/\\\/schema.org\",\"@graph\":[{\"@type\":\"WebPage\",\"@id\":\"https:\\\/\\\/www.apras.org\\\/sortir\\\/\",\"url\":\"https:\\\/\\\/www.apras.org\\\/sortir\\\/\",\"name\":\"Sortir ! - APRAS\",\"isPartOf\":{\"@id\":\"https:\\\/\\\/www.apras.org\\\/#website\"},\"primaryImageOfPage\":{\"@id\":\"https:\\\/\\\/www.apras.org\\\/sortir\\\/#primaryimage\"},\"image\":{\"@id\":\"https:\\\/\\\/www.apras.org\\\/sortir\\\/#primaryimage\"},\"thumbnailUrl\":\"https:\\\/\\\/www.apras.org\\\/wp-content\\\/uploads\\\/2020\\\/09\\\/RM-530917-scaled.jpg\",\"datePublished\":\"2020-09-25T14:25:33+00:00\",\"dateModified\":\"2026-04-16T11:45:10+00:00\",\"breadcrumb\":{\"@id\":\"https:\\\/\\\/www.apras.org\\\/sortir\\\/#breadcrumb\"},\"inLanguage\":\"en-US\",\"potentialAction\":[{\"@type\":\"ReadAction\",\"target\":[\"https:\\\/\\\/www.apras.org\\\/sortir\\\/\"]}]},{\"@type\":\"ImageObject\",\"inLanguage\":\"en-US\",\"@id\":\"https:\\\/\\\/www.apras.org\\\/sortir\\\/#primaryimage\",\"url\":\"https:\\\/\\\/www.apras.org\\\/wp-content\\\/uploads\\\/2020\\\/09\\\/RM-530917-scaled.jpg\",\"contentUrl\":\"https:\\\/\\\/www.apras.org\\\/wp-content\\\/uploads\\\/2020\\\/09\\\/RM-530917-scaled.jpg\",\"width\":2560,\"height\":1709},{\"@type\":\"BreadcrumbList\",\"@id\":\"https:\\\/\\\/www.apras.org\\\/sortir\\\/#breadcrumb\",\"itemListElement\":[{\"@type\":\"ListItem\",\"position\":1,\"name\":\"Accueil\",\"item\":\"https:\\\/\\\/www.apras.org\\\/\"},{\"@type\":\"ListItem\",\"position\":2,\"name\":\"Sortir !\"}]},{\"@type\":\"WebSite\",\"@id\":\"https:\\\/\\\/www.apras.org\\\/#website\",\"url\":\"https:\\\/\\\/www.apras.org\\\/\",\"name\":\"APRAS\",\"description\":\"Le social partag\u00e9\",\"publisher\":{\"@id\":\"https:\\\/\\\/www.apras.org\\\/#organization\"},\"potentialAction\":[{\"@type\":\"SearchAction\",\"target\":{\"@type\":\"EntryPoint\",\"urlTemplate\":\"https:\\\/\\\/www.apras.org\\\/?s={search_term_string}\"},\"query-input\":{\"@type\":\"PropertyValueSpecification\",\"valueRequired\":true,\"valueName\":\"search_term_string\"}}],\"inLanguage\":\"en-US\"},{\"@type\":\"Organization\",\"@id\":\"https:\\\/\\\/www.apras.org\\\/#organization\",\"name\":\"APRAS\",\"url\":\"https:\\\/\\\/www.apras.org\\\/\",\"logo\":{\"@type\":\"ImageObject\",\"inLanguage\":\"en-US\",\"@id\":\"https:\\\/\\\/www.apras.org\\\/#\\\/schema\\\/logo\\\/image\\\/\",\"url\":\"https:\\\/\\\/www.apras.org\\\/wp-content\\\/uploads\\\/2020\\\/12\\\/logo-apras.svg\",\"contentUrl\":\"https:\\\/\\\/www.apras.org\\\/wp-content\\\/uploads\\\/2020\\\/12\\\/logo-apras.svg\",\"width\":1,\"height\":1,\"caption\":\"APRAS\"},\"image\":{\"@id\":\"https:\\\/\\\/www.apras.org\\\/#\\\/schema\\\/logo\\\/image\\\/\"}}]}<\/script>\n<!-- \/ Yoast SEO plugin. -->","yoast_head_json":{"title":"Sortir ! - APRAS","robots":{"index":"index","follow":"follow","max-snippet":"max-snippet:-1","max-image-preview":"max-image-preview:large","max-video-preview":"max-video-preview:-1"},"canonical":"https:\/\/www.apras.org\/sortir\/","og_locale":"en_US","og_type":"article","og_title":"Sortir ! - APRAS","og_description":"Sortir&nbsp;! est un dispositif d\u2019acc\u00e8s au droit qui consid\u00e8re les pratiques culturelles, sportives et de loisirs comme des leviers pour renforcer l\u2019inclusion sociale, l&#8217;estime de soi et l\u2019exercice de la citoyennet\u00e9. Il a \u00e9t\u00e9 lanc\u00e9 en 2010 dans le cadre du Contrat Urbain de Coh\u00e9sion Sociale sur Rennes et Saint-Jacques-de-la-Lande puis s\u2019est \u00e9toff\u00e9 au fil [&hellip;]","og_url":"https:\/\/www.apras.org\/sortir\/","og_site_name":"APRAS","article_modified_time":"2026-04-16T11:45:10+00:00","og_image":[{"width":2560,"height":1709,"url":"https:\/\/www.apras.org\/wp-content\/uploads\/2020\/09\/RM-530917-scaled.jpg","type":"image\/jpeg"}],"twitter_card":"summary_large_image","twitter_misc":{"Est. reading time":"2 minutes"},"schema":{"@context":"https:\/\/schema.org","@graph":[{"@type":"WebPage","@id":"https:\/\/www.apras.org\/sortir\/","url":"https:\/\/www.apras.org\/sortir\/","name":"Sortir ! - APRAS","isPartOf":{"@id":"https:\/\/www.apras.org\/#website"},"primaryImageOfPage":{"@id":"https:\/\/www.apras.org\/sortir\/#primaryimage"},"image":{"@id":"https:\/\/www.apras.org\/sortir\/#primaryimage"},"thumbnailUrl":"https:\/\/www.apras.org\/wp-content\/uploads\/2020\/09\/RM-530917-scaled.jpg","datePublished":"2020-09-25T14:25:33+00:00","dateModified":"2026-04-16T11:45:10+00:00","breadcrumb":{"@id":"https:\/\/www.apras.org\/sortir\/#breadcrumb"},"inLanguage":"en-US","potentialAction":[{"@type":"ReadAction","target":["https:\/\/www.apras.org\/sortir\/"]}]},{"@type":"ImageObject","inLanguage":"en-US","@id":"https:\/\/www.apras.org\/sortir\/#primaryimage","url":"https:\/\/www.apras.org\/wp-content\/uploads\/2020\/09\/RM-530917-scaled.jpg","contentUrl":"https:\/\/www.apras.org\/wp-content\/uploads\/2020\/09\/RM-530917-scaled.jpg","width":2560,"height":1709},{"@type":"BreadcrumbList","@id":"https:\/\/www.apras.org\/sortir\/#breadcrumb","itemListElement":[{"@type":"ListItem","position":1,"name":"Accueil","item":"https:\/\/www.apras.org\/"},{"@type":"ListItem","position":2,"name":"Sortir !"}]},{"@type":"WebSite","@id":"https:\/\/www.apras.org\/#website","url":"https:\/\/www.apras.org\/","name":"APRAS","description":"Le social partag\u00e9","publisher":{"@id":"https:\/\/www.apras.org\/#organization"},"potentialAction":[{"@type":"SearchAction","target":{"@type":"EntryPoint","urlTemplate":"https:\/\/www.apras.org\/?s={search_term_string}"},"query-input":{"@type":"PropertyValueSpecification","valueRequired":true,"valueName":"search_term_string"}}],"inLanguage":"en-US"},{"@type":"Organization","@id":"https:\/\/www.apras.org\/#organization","name":"APRAS","url":"https:\/\/www.apras.org\/","logo":{"@type":"ImageObject","inLanguage":"en-US","@id":"https:\/\/www.apras.org\/#\/schema\/logo\/image\/","url":"https:\/\/www.apras.org\/wp-content\/uploads\/2020\/12\/logo-apras.svg","contentUrl":"https:\/\/www.apras.org\/wp-content\/uploads\/2020\/12\/logo-apras.svg","width":1,"height":1,"caption":"APRAS"},"image":{"@id":"https:\/\/www.apras.org\/#\/schema\/logo\/image\/"}}]}},"_links":{"self":[{"href":"https:\/\/www.apras.org\/en\/wp-json\/wp\/v2\/pages\/498","targetHints":{"allow":["GET"]}}],"collection":[{"href":"https:\/\/www.apras.org\/en\/wp-json\/wp\/v2\/pages"}],"about":[{"href":"https:\/\/www.apras.org\/en\/wp-json\/wp\/v2\/types\/page"}],"author":[{"embeddable":true,"href":"https:\/\/www.apras.org\/en\/wp-json\/wp\/v2\/users\/2"}],"replies":[{"embeddable":true,"href":"https:\/\/www.apras.org\/en\/wp-json\/wp\/v2\/comments?post=498"}],"version-history":[{"count":29,"href":"https:\/\/www.apras.org\/en\/wp-json\/wp\/v2\/pages\/498\/revisions"}],"predecessor-version":[{"id":3366,"href":"https:\/\/www.apras.org\/en\/wp-json\/wp\/v2\/pages\/498\/revisions\/3366"}],"wp:featuredmedia":[{"embeddable":true,"href":"https:\/\/www.apras.org\/en\/wp-json\/wp\/v2\/media\/507"}],"wp:attachment":[{"href":"https:\/\/www.apras.org\/en\/wp-json\/wp\/v2\/media?parent=498"}],"curies":[{"name":"wp","href":"https:\/\/api.w.org\/{rel}","templated":true}]}}