{"id":529,"date":"2020-09-25T17:13:12","date_gmt":"2020-09-25T15:13:12","guid":{"rendered":"http:\/\/apras.bac-a-sable.org\/?page_id=529"},"modified":"2025-11-18T16:33:32","modified_gmt":"2025-11-18T15:33:32","slug":"les-etudes","status":"publish","type":"page","link":"https:\/\/www.apras.org\/en\/les-etudes\/","title":{"rendered":"\u00c9tudes et Diagnostics sociaux"},"content":{"rendered":"\n<h2 class=\"wp-block-heading has-text-color\" style=\"color:#31ada2\"><strong>&#8230;<br>pour innover, concevoir et construire ensemble<\/strong><\/h2>\n\n\n\n<p>R\u00e9guli\u00e8rement, depuis sa cr\u00e9ation, l&#8217;APRAS pilote des contrats d&#8217;\u00e9tudes et de recherche sociale.<\/p>\n\n\n\n<p>L\u2019objet \u00e9merge le plus souvent de l\u2019analyse produite dans le cadre du<a href=\"https:\/\/www.apras.org\/tableau-de-bord-social\/\" data-type=\"URL\" data-id=\"https:\/\/www.apras.org\/tableau-de-bord-social\/\"> Tableau de Bord Social<\/a> ou de l\u2019actualit\u00e9 de l\u2019action sociale.<\/p>\n\n\n\n<p>Certaines grandes \u00e9tudes ont marqu\u00e9 l\u2019intervention sociale ces derni\u00e8res d\u00e9cennies ; aujourd\u2019hui, elles continuent d\u2019accompagner l\u2019action et l\u2019animation sociale.<\/p>\n\n\n\n<div style=\"height:26px\" aria-hidden=\"true\" class=\"wp-block-spacer\"><\/div>\n\n\n<div id=\"titre-parag-block_ed6569eb44b2d19dd59e367c2b7efb70\" class=\"titre-parag-block card mb-6 shadow-lg bg-secondary text-white\">\r\n\t<div class=\"card-body\">\r\n\t\t<h3 class=\"titre-parag-title text-center display-3\">Les \u00e9tudes depuis 1977<\/h3>\r\n    <div class=\"titre-parag-texte text-center\">\r\n        <p>sont toutes consultables \u00e0 l&#8217;APRAS<\/p>\n    <\/div>\r\n\t<\/div>\r\n    \r\n<\/div>\n\n\n<div style=\"height:26px\" aria-hidden=\"true\" class=\"wp-block-spacer\"><\/div>\n\n\n\n<blockquote class=\"wp-block-quote is-layout-flow wp-block-quote-is-layout-flow\">\n<p>Pour rechercher une \u00e9tudes<br><a data-type=\"URL\" data-id=\"https:\/\/www.apras.org\/docs-etudes\/\" href=\"https:\/\/www.apras.org\/docs-etudes\/\">RESSOURCES DOCUMENTAIRES &amp; ETUDES<\/a><br>Les projets port\u00e9s <br><a data-type=\"URL\" data-id=\"https:\/\/www.apras.org\/sortir\/\" href=\"https:\/\/www.apras.org\/sortir\/\">Dispositif Sortir !<\/a>, <a data-type=\"URL\" data-id=\"https:\/\/www.apras.org\/presentation\/\" href=\"https:\/\/www.apras.org\/presentation\/\">Espaces Sociaux Communs<\/a>, Conseil Citoyen Rennais<\/p>\n<\/blockquote>\n","protected":false},"excerpt":{"rendered":"<p>&#8230;pour innover, concevoir et construire ensemble R\u00e9guli\u00e8rement, depuis sa cr\u00e9ation, l&#8217;APRAS pilote des contrats d&#8217;\u00e9tudes et de recherche sociale. L\u2019objet \u00e9merge le plus souvent de l\u2019analyse produite dans le cadre du Tableau de Bord Social ou de l\u2019actualit\u00e9 de l\u2019action sociale. Certaines grandes \u00e9tudes ont marqu\u00e9 l\u2019intervention sociale ces derni\u00e8res d\u00e9cennies ; aujourd\u2019hui, elles continuent [&hellip;]<\/p>\n","protected":false},"author":2,"featured_media":1076,"parent":0,"menu_order":0,"comment_status":"closed","ping_status":"closed","template":"","meta":{"_acf_changed":false,"footnotes":""},"class_list":["post-529","page","type-page","status-publish","has-post-thumbnail","hentry"],"acf":[],"yoast_head":"<!-- This site is optimized with the Yoast SEO plugin v27.3 - https:\/\/yoast.com\/product\/yoast-seo-wordpress\/ -->\n<title>\u00c9tudes et Diagnostics sociaux - APRAS<\/title>\n<meta name=\"robots\" content=\"index, follow, max-snippet:-1, max-image-preview:large, max-video-preview:-1\" \/>\n<link rel=\"canonical\" href=\"https:\/\/www.apras.org\/les-etudes\/\" \/>\n<meta property=\"og:locale\" content=\"en_US\" \/>\n<meta property=\"og:type\" content=\"article\" \/>\n<meta property=\"og:title\" content=\"\u00c9tudes et Diagnostics sociaux - APRAS\" \/>\n<meta property=\"og:description\" content=\"&#8230;pour innover, concevoir et construire ensemble R\u00e9guli\u00e8rement, depuis sa cr\u00e9ation, l&#8217;APRAS pilote des contrats d&#8217;\u00e9tudes et de recherche sociale. L\u2019objet \u00e9merge le plus souvent de l\u2019analyse produite dans le cadre du Tableau de Bord Social ou de l\u2019actualit\u00e9 de l\u2019action sociale. Certaines grandes \u00e9tudes ont marqu\u00e9 l\u2019intervention sociale ces derni\u00e8res d\u00e9cennies ; aujourd\u2019hui, elles continuent [&hellip;]\" \/>\n<meta property=\"og:url\" content=\"https:\/\/www.apras.org\/les-etudes\/\" \/>\n<meta property=\"og:site_name\" content=\"APRAS\" \/>\n<meta property=\"article:modified_time\" content=\"2025-11-18T15:33:32+00:00\" \/>\n<meta property=\"og:image\" content=\"https:\/\/www.apras.org\/wp-content\/uploads\/2020\/11\/scott-graham-5fNmWej4tAA-unsplash-scaled.jpg\" \/>\n\t<meta property=\"og:image:width\" content=\"2560\" \/>\n\t<meta property=\"og:image:height\" content=\"1709\" \/>\n\t<meta property=\"og:image:type\" content=\"image\/jpeg\" \/>\n<meta name=\"twitter:card\" content=\"summary_large_image\" \/>\n<meta name=\"twitter:label1\" content=\"Est. reading time\" \/>\n\t<meta name=\"twitter:data1\" content=\"1 minute\" \/>\n<script type=\"application\/ld+json\" class=\"yoast-schema-graph\">{\"@context\":\"https:\\\/\\\/schema.org\",\"@graph\":[{\"@type\":\"WebPage\",\"@id\":\"https:\\\/\\\/www.apras.org\\\/les-etudes\\\/\",\"url\":\"https:\\\/\\\/www.apras.org\\\/les-etudes\\\/\",\"name\":\"\u00c9tudes et Diagnostics sociaux - APRAS\",\"isPartOf\":{\"@id\":\"https:\\\/\\\/www.apras.org\\\/#website\"},\"primaryImageOfPage\":{\"@id\":\"https:\\\/\\\/www.apras.org\\\/les-etudes\\\/#primaryimage\"},\"image\":{\"@id\":\"https:\\\/\\\/www.apras.org\\\/les-etudes\\\/#primaryimage\"},\"thumbnailUrl\":\"https:\\\/\\\/www.apras.org\\\/wp-content\\\/uploads\\\/2020\\\/11\\\/scott-graham-5fNmWej4tAA-unsplash-scaled.jpg\",\"datePublished\":\"2020-09-25T15:13:12+00:00\",\"dateModified\":\"2025-11-18T15:33:32+00:00\",\"breadcrumb\":{\"@id\":\"https:\\\/\\\/www.apras.org\\\/les-etudes\\\/#breadcrumb\"},\"inLanguage\":\"en-US\",\"potentialAction\":[{\"@type\":\"ReadAction\",\"target\":[\"https:\\\/\\\/www.apras.org\\\/les-etudes\\\/\"]}]},{\"@type\":\"ImageObject\",\"inLanguage\":\"en-US\",\"@id\":\"https:\\\/\\\/www.apras.org\\\/les-etudes\\\/#primaryimage\",\"url\":\"https:\\\/\\\/www.apras.org\\\/wp-content\\\/uploads\\\/2020\\\/11\\\/scott-graham-5fNmWej4tAA-unsplash-scaled.jpg\",\"contentUrl\":\"https:\\\/\\\/www.apras.org\\\/wp-content\\\/uploads\\\/2020\\\/11\\\/scott-graham-5fNmWej4tAA-unsplash-scaled.jpg\",\"width\":2560,\"height\":1709},{\"@type\":\"BreadcrumbList\",\"@id\":\"https:\\\/\\\/www.apras.org\\\/les-etudes\\\/#breadcrumb\",\"itemListElement\":[{\"@type\":\"ListItem\",\"position\":1,\"name\":\"Accueil\",\"item\":\"https:\\\/\\\/www.apras.org\\\/\"},{\"@type\":\"ListItem\",\"position\":2,\"name\":\"\u00c9tudes et Diagnostics sociaux\"}]},{\"@type\":\"WebSite\",\"@id\":\"https:\\\/\\\/www.apras.org\\\/#website\",\"url\":\"https:\\\/\\\/www.apras.org\\\/\",\"name\":\"APRAS\",\"description\":\"Le social partag\u00e9\",\"publisher\":{\"@id\":\"https:\\\/\\\/www.apras.org\\\/#organization\"},\"potentialAction\":[{\"@type\":\"SearchAction\",\"target\":{\"@type\":\"EntryPoint\",\"urlTemplate\":\"https:\\\/\\\/www.apras.org\\\/?s={search_term_string}\"},\"query-input\":{\"@type\":\"PropertyValueSpecification\",\"valueRequired\":true,\"valueName\":\"search_term_string\"}}],\"inLanguage\":\"en-US\"},{\"@type\":\"Organization\",\"@id\":\"https:\\\/\\\/www.apras.org\\\/#organization\",\"name\":\"APRAS\",\"url\":\"https:\\\/\\\/www.apras.org\\\/\",\"logo\":{\"@type\":\"ImageObject\",\"inLanguage\":\"en-US\",\"@id\":\"https:\\\/\\\/www.apras.org\\\/#\\\/schema\\\/logo\\\/image\\\/\",\"url\":\"https:\\\/\\\/www.apras.org\\\/wp-content\\\/uploads\\\/2020\\\/12\\\/logo-apras.svg\",\"contentUrl\":\"https:\\\/\\\/www.apras.org\\\/wp-content\\\/uploads\\\/2020\\\/12\\\/logo-apras.svg\",\"width\":1,\"height\":1,\"caption\":\"APRAS\"},\"image\":{\"@id\":\"https:\\\/\\\/www.apras.org\\\/#\\\/schema\\\/logo\\\/image\\\/\"}}]}<\/script>\n<!-- \/ Yoast SEO plugin. -->","yoast_head_json":{"title":"\u00c9tudes et Diagnostics sociaux - APRAS","robots":{"index":"index","follow":"follow","max-snippet":"max-snippet:-1","max-image-preview":"max-image-preview:large","max-video-preview":"max-video-preview:-1"},"canonical":"https:\/\/www.apras.org\/les-etudes\/","og_locale":"en_US","og_type":"article","og_title":"\u00c9tudes et Diagnostics sociaux - APRAS","og_description":"&#8230;pour innover, concevoir et construire ensemble R\u00e9guli\u00e8rement, depuis sa cr\u00e9ation, l&#8217;APRAS pilote des contrats d&#8217;\u00e9tudes et de recherche sociale. L\u2019objet \u00e9merge le plus souvent de l\u2019analyse produite dans le cadre du Tableau de Bord Social ou de l\u2019actualit\u00e9 de l\u2019action sociale. Certaines grandes \u00e9tudes ont marqu\u00e9 l\u2019intervention sociale ces derni\u00e8res d\u00e9cennies ; aujourd\u2019hui, elles continuent [&hellip;]","og_url":"https:\/\/www.apras.org\/les-etudes\/","og_site_name":"APRAS","article_modified_time":"2025-11-18T15:33:32+00:00","og_image":[{"width":2560,"height":1709,"url":"https:\/\/www.apras.org\/wp-content\/uploads\/2020\/11\/scott-graham-5fNmWej4tAA-unsplash-scaled.jpg","type":"image\/jpeg"}],"twitter_card":"summary_large_image","twitter_misc":{"Est. reading time":"1 minute"},"schema":{"@context":"https:\/\/schema.org","@graph":[{"@type":"WebPage","@id":"https:\/\/www.apras.org\/les-etudes\/","url":"https:\/\/www.apras.org\/les-etudes\/","name":"\u00c9tudes et Diagnostics sociaux - APRAS","isPartOf":{"@id":"https:\/\/www.apras.org\/#website"},"primaryImageOfPage":{"@id":"https:\/\/www.apras.org\/les-etudes\/#primaryimage"},"image":{"@id":"https:\/\/www.apras.org\/les-etudes\/#primaryimage"},"thumbnailUrl":"https:\/\/www.apras.org\/wp-content\/uploads\/2020\/11\/scott-graham-5fNmWej4tAA-unsplash-scaled.jpg","datePublished":"2020-09-25T15:13:12+00:00","dateModified":"2025-11-18T15:33:32+00:00","breadcrumb":{"@id":"https:\/\/www.apras.org\/les-etudes\/#breadcrumb"},"inLanguage":"en-US","potentialAction":[{"@type":"ReadAction","target":["https:\/\/www.apras.org\/les-etudes\/"]}]},{"@type":"ImageObject","inLanguage":"en-US","@id":"https:\/\/www.apras.org\/les-etudes\/#primaryimage","url":"https:\/\/www.apras.org\/wp-content\/uploads\/2020\/11\/scott-graham-5fNmWej4tAA-unsplash-scaled.jpg","contentUrl":"https:\/\/www.apras.org\/wp-content\/uploads\/2020\/11\/scott-graham-5fNmWej4tAA-unsplash-scaled.jpg","width":2560,"height":1709},{"@type":"BreadcrumbList","@id":"https:\/\/www.apras.org\/les-etudes\/#breadcrumb","itemListElement":[{"@type":"ListItem","position":1,"name":"Accueil","item":"https:\/\/www.apras.org\/"},{"@type":"ListItem","position":2,"name":"\u00c9tudes et Diagnostics sociaux"}]},{"@type":"WebSite","@id":"https:\/\/www.apras.org\/#website","url":"https:\/\/www.apras.org\/","name":"APRAS","description":"Le social partag\u00e9","publisher":{"@id":"https:\/\/www.apras.org\/#organization"},"potentialAction":[{"@type":"SearchAction","target":{"@type":"EntryPoint","urlTemplate":"https:\/\/www.apras.org\/?s={search_term_string}"},"query-input":{"@type":"PropertyValueSpecification","valueRequired":true,"valueName":"search_term_string"}}],"inLanguage":"en-US"},{"@type":"Organization","@id":"https:\/\/www.apras.org\/#organization","name":"APRAS","url":"https:\/\/www.apras.org\/","logo":{"@type":"ImageObject","inLanguage":"en-US","@id":"https:\/\/www.apras.org\/#\/schema\/logo\/image\/","url":"https:\/\/www.apras.org\/wp-content\/uploads\/2020\/12\/logo-apras.svg","contentUrl":"https:\/\/www.apras.org\/wp-content\/uploads\/2020\/12\/logo-apras.svg","width":1,"height":1,"caption":"APRAS"},"image":{"@id":"https:\/\/www.apras.org\/#\/schema\/logo\/image\/"}}]}},"_links":{"self":[{"href":"https:\/\/www.apras.org\/en\/wp-json\/wp\/v2\/pages\/529","targetHints":{"allow":["GET"]}}],"collection":[{"href":"https:\/\/www.apras.org\/en\/wp-json\/wp\/v2\/pages"}],"about":[{"href":"https:\/\/www.apras.org\/en\/wp-json\/wp\/v2\/types\/page"}],"author":[{"embeddable":true,"href":"https:\/\/www.apras.org\/en\/wp-json\/wp\/v2\/users\/2"}],"replies":[{"embeddable":true,"href":"https:\/\/www.apras.org\/en\/wp-json\/wp\/v2\/comments?post=529"}],"version-history":[{"count":6,"href":"https:\/\/www.apras.org\/en\/wp-json\/wp\/v2\/pages\/529\/revisions"}],"predecessor-version":[{"id":3285,"href":"https:\/\/www.apras.org\/en\/wp-json\/wp\/v2\/pages\/529\/revisions\/3285"}],"wp:featuredmedia":[{"embeddable":true,"href":"https:\/\/www.apras.org\/en\/wp-json\/wp\/v2\/media\/1076"}],"wp:attachment":[{"href":"https:\/\/www.apras.org\/en\/wp-json\/wp\/v2\/media?parent=529"}],"curies":[{"name":"wp","href":"https:\/\/api.w.org\/{rel}","templated":true}]}}